{"id":101,"date":"2022-03-07T15:47:57","date_gmt":"2022-03-07T18:47:57","guid":{"rendered":"http:\/\/ipjburon.edu.ar\/?page_id=101"},"modified":"2022-03-07T15:47:58","modified_gmt":"2022-03-07T18:47:58","slug":"acuerdo-escolar-de-convivencia","status":"publish","type":"page","link":"http:\/\/ipjburon.edu.ar\/index.php\/acuerdo-escolar-de-convivencia\/","title":{"rendered":"Acuerdo Escolar de Convivencia"},"content":{"rendered":"\n<p>El Instituto Padre Juan Bur\u00f3n,&nbsp; como <strong>comunidad educativa pastoral cat\u00f3lica<\/strong> en permanente estado de misi\u00f3n evangelizadora bajo la protecci\u00f3n del Divino Ni\u00f1o Jes\u00fas, comparte con Ustedes, queridas familias, <strong>el Acuerdo Escolar de Convivencia (AEC),<\/strong> como un instrumento promotor y regulador de la convivencia, a partir de la <strong>escucha y el di\u00e1logo permanente<\/strong> y &nbsp;formulado en el marco de los siguientes valores: <strong>RESPETO, LIBERTAD, JUSTICIA y EQUIDAD , RESPONSABILIDAD Y SOLIDARIDAD<\/strong>, buscando crear un ambiente donde se comparta un enfoque com\u00fan de la vida, desde una cosmovisi\u00f3n cristiana.<\/p>\n\n\n\n<p>1.- Consideramos fundamental el <strong>Respeto <\/strong>hacia cada uno de los miembros de la comunidad educativa, hacia los s\u00edmbolos Patrios y religiosos.<\/p>\n\n\n\n<p>Entendiendo el di\u00e1logo como medio para construir v\u00ednculos cordiales y para la resoluci\u00f3n de conflictos; se favorecen los espacios de intercambio comunicacional, garantizando el derecho de todos a ser escuchado.<\/p>\n\n\n\n<p>Por eso, atendiendo a la diversidad no se admiten expresiones y\/o actitudes de discriminaci\u00f3n, ni de maltrato f\u00edsico o emocional, verbal, gestual, ni burlas de ninguna \u00edndole hacia los dem\u00e1s, como tampoco ning\u00fan comportamiento irrespetuoso durante actos escolares, celebraciones lit\u00fargicas comunitarias e institucionales.<\/p>\n\n\n\n<p>&nbsp;2.- Sostenemos que la <strong>libertad<\/strong> responsable es uno de los valores que atraviesa la formaci\u00f3n integral de la persona y, entendiendo que todo accionar tiene efectos, es necesario hacerse responsable de las consecuencias de los actos que se protagonizan.<\/p>\n\n\n\n<p>Por eso no se permiten acciones que impidan o alteren las expresiones libres y la igualdad de oportunidades.<\/p>\n\n\n\n<p>&nbsp;3.- La <strong>Justicia<\/strong> y <strong>Equidad<\/strong> son valores fundamentales en una comunidad democr\u00e1tica, por eso sostenemos que, tanto las normas como las oportunidades, deben ser igualitarias para todos.<\/p>\n\n\n\n<p>Por eso no se toleran actitudes arbitrarias, que atenten contra lo justo y equitativo.<\/p>\n\n\n\n<p>4.- Creemos que la <strong>Responsabilidad<\/strong> es un valor que genera la participaci\u00f3n activa y comprometida de las personas en su quehacer individual y que promuevan el bien com\u00fan, por lo que propiciamos actitudes que favorezcan el desarrollo integral de los distintos actores, como tambi\u00e9n la incorporaci\u00f3n de h\u00e1bitos de orden, higiene y cuidado de todos los espacios, mobiliario y elementos.<\/p>\n\n\n\n<p>Por eso no se admiten incumplimientos en los compromisos asumidos, en deberes propios de cada integrante de esta comunidad y en el desempe\u00f1o de su rol; ni se permitir\u00e1n acciones que los deterioren o destruyan, ya sean pertenecientes a la instituci\u00f3n o a otro integrante de la comunidad.<\/p>\n\n\n\n<p><strong>5.- <\/strong>La <strong>solidaridad<\/strong> es un valor que se ense\u00f1a y transmite a trav\u00e9s del ejemplo; al ponerse en el lugar del otro, comenzando desde uno mismo. La comunicaci\u00f3n fomenta la confianza&nbsp; a las ense\u00f1anzas; como tambi\u00e9n de lo que al otro le gustar\u00eda y qu\u00e9 se podr\u00eda hacer&nbsp; para colaborar, para ayudar o cooperar. Se&nbsp; <a href=\"https:\/\/www.guiainfantil.com\/videos\/295\/como-educar-la-empatia-y-la-perseverancia-de-los-hijos\/\">trabaja la empat\u00eda en los ni\u00f1os<\/a>, es decir, el despertar de la preocupaci\u00f3n por los dem\u00e1s. &nbsp;Se fomenta la solidaridad combatiendo gestos, actitudes y conductas <a href=\"https:\/\/www.guiainfantil.com\/educacion\/escuela\/noaprende.htm\">ego\u00edstas<\/a>, c\u00f3modas, e intolerantes.<\/p>\n\n\n\n<p><strong>R\u00e9gimen de sanciones<\/strong><\/p>\n\n\n\n<p><strong>Gradualidad de las sanciones<\/strong><\/p>\n\n\n\n<p>Las sanciones tienen como finalidad la modificaci\u00f3n o cambio de actitud, son instrumentos para que la persona recapacite sobre la conducta que viene desarrollando. Adem\u00e1s, deben garantizar el valor de la justicia y favorecer el di\u00e1logo, el an\u00e1lisis y la reflexi\u00f3n propiciando la reparaci\u00f3n del da\u00f1o moral, f\u00edsico o material a fin de internalizar el sentido de la responsabilidad.<\/p>\n\n\n\n<p>Las sanciones estar\u00e1n centradas en propuestas que fortalezcan su car\u00e1cter educativo, progresivo y proporcional, reconociendo y garantizando el derecho de todos los actores a ser escuchados.<\/p>\n\n\n\n<p>La trasgresi\u00f3n a las normas establecidas en el cuerpo normativo ser\u00e1 abordada de la siguiente manera:<\/p>\n\n\n\n<ul class=\"wp-block-list\"><li><strong>Llamado de atenci\u00f3n oral,<\/strong> una en cada ciclo, a menos que se trate de una falta grave, donde ir\u00e1 directamente el llamado de atenci\u00f3n escrito.<\/li><\/ul>\n\n\n\n<ul class=\"wp-block-list\"><li><strong>Llamado de atenci\u00f3n escrito<\/strong>, hasta tres veces por la misma o distintas faltas en las p\u00e1ginas para reflexionar del cuaderno de comunicaciones, firmado por el alumno y la madre y\/o padre.<\/li><li><strong>El acta acuerdo<\/strong>, se confeccionar\u00e1 cuando se hayan agotado las instancias anteriores sin resultados positivos.<\/li><\/ul>\n\n\n\n<p>Se confeccionar\u00e1 con el alumno, el docente, los padres y un directivo, donde el alumno asuma el compromiso del cambio de actitud.<\/p>\n\n\n\n<ul class=\"wp-block-list\"><li>Adem\u00e1s de las sanciones aplicadas <strong>se realizar\u00e1n acciones reparadoras. S<\/strong>i los da\u00f1os son materiales, la familia responder\u00e1 por ello, restituy\u00e9ndolos, seg\u00fan corresponda.<\/li><\/ul>\n\n\n\n<p><strong>NORMAS DE FUNCIONAMIENTO<\/strong><\/p>\n\n\n\n<p>1.&nbsp; Las pr\u00e1cticas de participaci\u00f3n en la vida escolar, nos permiten avanzar hacia la <strong>autonom\u00eda y la responsabilidad<\/strong> que caracterizan el ejercicio ciudadano.<\/p>\n\n\n\n<p>Por eso es necesario <strong>llegar a la escuela puntualmente y asistir a todas las actividades propuestas.<\/strong><\/p>\n\n\n\n<figure class=\"wp-block-table\"><table><tbody><tr><td><strong>TURNO TARDE<\/strong> Lunes, martes y mi\u00e9rcoles de 13:30 a 17:50 hs. Jueves y viernes de 13:30 a 17:30hs. &nbsp;<\/td><\/tr><\/tbody><\/table><\/figure>\n\n\n\n<p><strong>HORARIOS&nbsp; DE INGRESO Y SALIDA<\/strong><\/p>\n\n\n\n<p><strong>TURNO MA\u00d1ANA<\/strong><\/p>\n\n\n\n<p>Lunes, martes y mi\u00e9rcoles de 8:00 a 12:20 hs.<\/p>\n\n\n\n<p>Jueves y viernes de 8:00 a 12:00hs.<\/p>\n\n\n\n<p><strong>HORARIOS&nbsp; DE ATENCI\u00d3N EN SECRETARIA<\/strong><\/p>\n\n\n\n<p>LUNES, MI\u00c9RCOLES Y VIERNES: 8:15 hs a 12:00 hs.&nbsp;&nbsp;&nbsp;&nbsp;&nbsp; MARTES Y JUEVES: 13:30 hs a 16:30 hs.<\/p>\n\n\n\n<p><strong>HORARIOS&nbsp; DE ATENCI\u00d3N EN ADMINISTRACI\u00d3N:<\/strong><\/p>\n\n\n\n<p>LUNES, MI\u00c9RCOLES Y VIERNES: 8:15 hs a 12:15 hs.&nbsp;&nbsp;&nbsp;&nbsp;&nbsp; MARTES Y JUEVES: 13:45 hs a 17:00 hs.<\/p>\n\n\n\n<p>Se considerar\u00e1&nbsp; <strong>llegada tarde despu\u00e9s del toque de timbre y hasta los 10 minutos subsiguientes<\/strong>.<\/p>\n\n\n\n<p>&nbsp;Cada tres llegadas tardes se computar\u00e1 una inasistencia injustificada. Cuando el ingreso se produzca por una tardanza mayor a 10 minutos sin haber avisado se computar\u00e1 una inasistencia injustificada en el cuaderno que quedar\u00e1 registrada en el IPE.<\/p>\n\n\n\n<p>Las porteras <strong>no recibir\u00e1n ni entregar\u00e1n despu\u00e9s del ingreso a clase, ning\u00fan elemento de trabajo o merienda que el alumno haya olvidado traer para la jornada del d\u00eda.<\/strong><\/p>\n\n\n\n<p>Los padres deben <strong>acordar el horario con los transportistas para que el alumno sea retirado puntualmente<\/strong> del Instituto.<\/p>\n\n\n\n<p>2. La identificaci\u00f3n de aspectos comunes en las identidades grupales, promueve la convivencia en la diversidad.<\/p>\n\n\n\n<p>Por eso diariamente, los alumnos se presentar\u00e1n con <strong>pantal\u00f3n jogging y\/o bermuda de color azul marino, remera azul francia, calzado cerrado, buzo o campera azul marino. Con el distintivo del Instituto.<\/strong><\/p>\n\n\n\n<p>3. El conocimiento y cuidado del propio cuerpo refleja una actitud de respeto hacia uno mismo&nbsp; preservando la salud.<\/p>\n\n\n\n<p>Por eso todos los d\u00edas, los alumnos deben presentarse <strong>aseados, con u\u00f1as cortas, limpias y sin pintura. Los varones con cabello corto. Las ni\u00f1as con el cabello recogido, sin ning\u00fan tipo de tintura en ambos sexos.<\/strong><\/p>\n\n\n\n<p>4. El desarrollo de medidas que cuidan nuestro cuerpo nos ayuda a adquirir h\u00e1bitos saludables.&nbsp;<\/p>\n\n\n\n<p>Por eso traeremos todos los d\u00edas la <strong>bolsa de higiene con su correspondiente jab\u00f3n, toalla, papel higi\u00e9nico y un vaso para usar durante el recreo.<\/strong><\/p>\n\n\n\n<p>5. El conocimiento y la valoraci\u00f3n del mobiliario y elementos did\u00e1cticos de la escuela, nos permitir\u00e1n ense\u00f1ar y aprender.<\/p>\n\n\n\n<p>Por eso cada alumno <strong>debe cuidar, sin da\u00f1ar ni romper muebles, materiales escolares ni el edificio.<\/strong> (Por ej. Rayar, ensuciar o destruir esteras, bancos, paredes, armarios, ba\u00f1os).<\/p>\n\n\n\n<p>6. El reconocimiento de las pertenencias y el cuidado de las mismas nos permiten desarrollar nuestra autonom\u00eda y responsabilidad.<\/p>\n\n\n\n<p>Por eso, deben traer con <strong>nombre, el uniforme, los \u00fatiles y materiales necesarios para el desarrollo de la clase<\/strong>, dej\u00e1ndolos en la mochila o en el lugar indicado.<\/p>\n\n\n\n<p>7. El v\u00ednculo escuela-familia se mantiene a trav\u00e9s del cuaderno de comunicaciones.<\/p>\n\n\n\n<p>Por eso <strong>es necesario que est\u00e9 todos los d\u00edas en la mochila y sea entregado por los alumnos cada vez que el docente lo solicite. Leer y firmar cada nota enviada.<\/strong><\/p>\n\n\n\n<p><strong>CONSIDERACIONES GENERALES<\/strong><\/p>\n\n\n\n<p><strong>CONDICI\u00d3N<\/strong> <strong>PARA MANTENER EL TURNO Y LA VACANTE EN LAS INSTITUCI\u00d3N<\/strong>: Estar al d\u00eda en el pago de las cuotas y abonar la matr\u00edcula en el tiempo establecido.<\/p>\n\n\n\n<p><strong>CONDICI\u00d3N PARA INGRESAR A SEGUNDO CICLO: <\/strong>Al ingresar al segundo ciclo, un grupo de <strong>32 alumnos de las secciones de tercer grado del turno tarde, <\/strong>deber\u00e1n pasar <strong>al turno ma\u00f1ana<\/strong> para <strong>cursar cuarto grado;<\/strong> para lo cual se proceder\u00e1 de la siguiente manera:<\/p>\n\n\n\n<p>Se abrir\u00e1 una <strong>lista voluntaria<\/strong> y, de no cubrirse las vacantes, se <strong>realizar\u00e1 un sorteo<\/strong> entre los alumnos <strong>que no tienen hermanos en el turno tarde<\/strong>.<\/p>\n\n\n\n<p>Por razones de organizaci\u00f3n institucional los padres acompa\u00f1ar\u00e1n a sus hijos hasta la puerta de la escuela. <strong>Los alumnos ingresar\u00e1n solos a la instituci\u00f3n.<\/strong><\/p>\n\n\n\n<p>Nuestros alumnos realizan diferentes e interesantes actividades dentro de la escuela o salidas did\u00e1cticas que queremos compartirlas con Ustedes. Por eso, como Instituci\u00f3n, les pedimos <strong>autorizaci\u00f3n para subir a nuestra p\u00e1gina <\/strong>(escuela padre Juan Bur\u00f3n<strong>) fotograf\u00edas y\/o videos de dichas actividades.<\/strong><\/p>\n\n\n\n<p><strong>El <\/strong>ingreso de las familias a la Instituci\u00f3n deber\u00e1 ser<strong> con ropa adecuada, evitando SHORT; CALZAS; MUSCULOSAS O ROPA TRANSPARENTE, y OJOTAS. SIN EXCEPCI\u00d3N.<\/strong> NO COMPROMETA AL PERSONAL DE PORTER\u00cdA.<\/p>\n\n\n\n<p><strong>LE\u00cdMOS, REFLEXIONAMOS EN FAMILIA Y ACEPTAMOS LAS NORMAS DE FUNCIONAMIENTO Y EL ACUERDO ESCOLAR DE CONVIVENCIA.<\/strong><\/p>\n\n\n\n<p><a><strong>Firma y aclaraci\u00f3n del alumno\/a&nbsp;&nbsp; \u2026\u2026\u2026\u2026\u2026\u2026\u2026\u2026\u2026\u2026\u2026\u2026\u2026\u2026\u2026\u2026\u2026\u2026\u2026\u2026\u2026\u2026\u2026\u2026\u2026\u2026\u2026\u2026\u2026\u2026\u2026\u2026\u2026\u2026\u2026\u2026\u2026\u2026\u2026\u2026\u2026<\/strong><\/a><\/p>\n\n\n\n<p><strong>Firma y aclaraci\u00f3n de la madre\/ padre\/ tutor o encargado\u2026\u2026\u2026\u2026\u2026\u2026\u2026\u2026\u2026\u2026\u2026\u2026\u2026\u2026\u2026\u2026\u2026\u2026\u2026\u2026\u2026\u2026\u2026\u2026\u2026\u2026\u2026.&nbsp; \u2026\u2026\u2026\u2026\u2026\u2026\u2026\u2026\u2026\u2026\u2026\u2026\u2026\u2026\u2026\u2026\u2026\u2026\u2026\u2026\u2026\u2026\u2026\u2026\u2026\u2026\u2026\u2026\u2026\u2026\u2026\u2026\u2026\u2026\u2026\u2026\u2026\u2026\u2026\u2026\u2026\u2026\u2026\u2026\u2026\u2026\u2026\u2026\u2026\u2026\u2026\u2026\u2026\u2026\u2026\u2026\u2026\u2026\u2026\u2026\u2026.<\/strong><\/p>\n","protected":false},"excerpt":{"rendered":"<p>El Instituto Padre Juan Bur\u00f3n,&nbsp; como comunidad educativa pastoral cat\u00f3lica en permanente estado de misi\u00f3n evangelizadora bajo la protecci\u00f3n del Divino Ni\u00f1o Jes\u00fas, comparte con Ustedes, queridas familias, el Acuerdo Escolar de Convivencia (AEC), como un instrumento promotor y regulador de la convivencia, a partir de la escucha y el di\u00e1logo permanente y &nbsp;formulado en &#8230; <a title=\"Acuerdo Escolar de Convivencia\" class=\"read-more\" href=\"http:\/\/ipjburon.edu.ar\/index.php\/acuerdo-escolar-de-convivencia\/\">Read more<\/a><\/p>\n","protected":false},"author":1,"featured_media":0,"parent":0,"menu_order":0,"comment_status":"closed","ping_status":"closed","template":"","meta":{"footnotes":""},"class_list":["post-101","page","type-page","status-publish"],"_links":{"self":[{"href":"http:\/\/ipjburon.edu.ar\/index.php\/wp-json\/wp\/v2\/pages\/101","targetHints":{"allow":["GET"]}}],"collection":[{"href":"http:\/\/ipjburon.edu.ar\/index.php\/wp-json\/wp\/v2\/pages"}],"about":[{"href":"http:\/\/ipjburon.edu.ar\/index.php\/wp-json\/wp\/v2\/types\/page"}],"author":[{"embeddable":true,"href":"http:\/\/ipjburon.edu.ar\/index.php\/wp-json\/wp\/v2\/users\/1"}],"replies":[{"embeddable":true,"href":"http:\/\/ipjburon.edu.ar\/index.php\/wp-json\/wp\/v2\/comments?post=101"}],"version-history":[{"count":1,"href":"http:\/\/ipjburon.edu.ar\/index.php\/wp-json\/wp\/v2\/pages\/101\/revisions"}],"predecessor-version":[{"id":102,"href":"http:\/\/ipjburon.edu.ar\/index.php\/wp-json\/wp\/v2\/pages\/101\/revisions\/102"}],"wp:attachment":[{"href":"http:\/\/ipjburon.edu.ar\/index.php\/wp-json\/wp\/v2\/media?parent=101"}],"curies":[{"name":"wp","href":"https:\/\/api.w.org\/{rel}","templated":true}]}}